{"id":2392,"date":"2018-11-29T12:03:34","date_gmt":"2018-11-29T11:03:34","guid":{"rendered":"https:\/\/www.lgcge.fr\/?page_id=2392"},"modified":"2020-10-02T15:19:31","modified_gmt":"2020-10-02T13:19:31","slug":"texacov","status":"publish","type":"page","link":"https:\/\/www.lgcge.fr\/en\/recherches\/projets-et-collaborations\/contrats-er5\/texacov\/","title":{"rendered":"Projet TEXACOV : D\u00e9veloppement de textile fonctionnalis\u00e9 pour la d\u00e9pollution de l&#8217;air int\u00e9rieur"},"content":{"rendered":"<table style=\"width: 100%; height: 343px; border-width: 1px; border-color: #000000;\">\n<tbody>\n<tr>\n<td>Type of project :<\/td>\n<td>Interreg<\/td>\n<\/tr>\n<tr>\n<td>Dates :<\/td>\n<td>octobre 2016 &#8211; septembre 2020<\/td>\n<\/tr>\n<tr>\n<td>Equipe concern\u00e9e :<\/td>\n<td><a href=\"https:\/\/www.lgcge.fr\/en\/recherches\/equipes-de-recherche\/er5\/\">ER 5<\/a><\/td>\n<\/tr>\n<tr>\n<td>Responsables du projet LGCgE :<\/td>\n<td><a href=\"https:\/\/www.lgcge.fr\/en\/membre\/zohir-younsi\/\">Zohir Younsi<\/a><\/p>\n<p><a href=\"https:\/\/www.lgcge.fr\/en\/membre\/oly-vololonirina\/\">Oly\u00a0Vololonirina<\/a><\/td>\n<\/tr>\n<tr>\n<td>Center concerned :<\/td>\n<td>junia<\/td>\n<\/tr>\n<tr>\n<td>Partners :<\/td>\n<td>MATERIA NOVA, Mons, Belgique<br \/>\nKULeuven campus de Kortrijk (KULAK), Courtrai, Belgique<br \/>\n<span style=\"font-family: inherit; font-size: inherit;\">HEI (\u00e9quipes Textile avanc\u00e9 et Thermique de l\u2019habitat)<\/span><\/td>\n<\/tr>\n<\/tbody>\n<\/table>\n<h3><strong>Project description<\/strong><\/h3>\n<p>L&#8217;ambition du projet TEXACOV est de fournir une solution innovante pour le traitement de l&#8217;air int\u00e9rieur par photocatalyse sous rayonnement visible et sans apport d&#8217;\u00e9nergie ext\u00e9rieure suppl\u00e9mentaire. Le projet vise en effet \u00e0 d\u00e9velopper un textile photocatalytique d\u00e9polluant appliqu\u00e9 \u00e0 l&#8217;assainissement de l&#8217;air int\u00e9rieur. Le syst\u00e8me photocatalytique propos\u00e9 se d\u00e9marque de fa\u00e7on significative des syst\u00e8mes existants qui utilisent des mat\u00e9riaux photocatalytiques actifs principalement avec un rayonnement ultraviolet. De ce fait, pour pouvoir \u00eatre appliqu\u00e9s en int\u00e9rieur, ces syst\u00e8mes ont besoin de lampes UV, ce qui entraine une consommation suppl\u00e9mentaire en \u00e9nergie et une complication des syst\u00e8mes. D&#8217;autre part, des syst\u00e8mes photocatalytiques int\u00e9gr\u00e9s dans des mat\u00e9riaux de construction tels que\u00a0peintures, carrelage, b\u00e9ton, ciments et c\u00e9ramiques ont \u00e9t\u00e9 utilis\u00e9s pour le traitement de l&#8217;air ext\u00e9rieur essentiellement, sous irradiation UV. N\u00e9anmoins, des efforts sur l&#8217;am\u00e9lioration de l&#8217;efficacit\u00e9 et l&#8217;innocuit\u00e9 des mat\u00e9riaux d\u00e9velopp\u00e9s restent \u00e0 faire. Le fait d&#8217;utiliser le textile comme support de compos\u00e9s photocatalytiques est \u00e9galement un principe innovant. L&#8217;id\u00e9e du projet est d&#8217;utiliser des nanofibres naturelles comme vecteur d\u2019incorporation de particules photocatalytiques \u00e0 appliquer ensuite sur support textile pour ajouter la r\u00e9sistance m\u00e9canique au substrat composite fonctionnalis\u00e9. Ce proc\u00e9d\u00e9 permettra certainement une meilleure accroche, de fa\u00e7on tenace et stable, de nanocomposites photocatalyseurs sur le textile, ce qui \u00e9vitera d&#8217;\u00e9ventuelles \u00e9missions de nanoparticules.<\/p>\n<p><img loading=\"lazy\" decoding=\"async\" src=\"https:\/\/www.lgcge.fr\/wp-content\/uploads\/2018\/12\/TEXACOV.jpg\" alt=\"\" width=\"858\" height=\"424\" class=\"alignnone size-full wp-image-2425 aligncenter\" srcset=\"https:\/\/www.lgcge.fr\/wp-content\/uploads\/2018\/12\/TEXACOV.jpg 858w, https:\/\/www.lgcge.fr\/wp-content\/uploads\/2018\/12\/TEXACOV-300x148.jpg 300w, https:\/\/www.lgcge.fr\/wp-content\/uploads\/2018\/12\/TEXACOV-768x380.jpg 768w\" sizes=\"auto, (max-width: 858px) 100vw, 858px\" \/><\/p>\n<h3><strong>Scientific contributions from the laboratory<\/strong><\/h3>\n<ul>\n<li>Int\u00e9gration de nano charges photo actives sur textile (fibres\/ fils\/ \u00e9toffes) par des proc\u00e9d\u00e9s d&#8217;ennoblissement textile ;<\/li>\n<li>Mise en place du dispositif exp\u00e9rimental ;<\/li>\n<li>Validation des mat\u00e9riaux photo-actifs.<\/li>\n<\/ul>","protected":false},"excerpt":{"rendered":"<p>Type de projet : Interreg Dates : octobre 2016 &#8211; septembre 2020 Equipe concern\u00e9e : ER 5 Responsables du projet LGCgE : Zohir Younsi Oly\u00a0Vololonirina Centre concern\u00e9 : junia Partenaires : MATERIA NOVA, Mons, Belgique KULeuven campus de Kortrijk (KULAK), Courtrai, Belgique HEI (\u00e9quipes Textile avanc\u00e9 et Thermique de l\u2019habitat) [&hellip;]<\/p>\n","protected":false},"author":15305,"featured_media":0,"parent":265,"menu_order":0,"comment_status":"closed","ping_status":"closed","template":"","meta":{"_acf_changed":false,"_bbp_topic_count":0,"_bbp_reply_count":0,"_bbp_total_topic_count":0,"_bbp_total_reply_count":0,"_bbp_voice_count":0,"_bbp_anonymous_reply_count":0,"_bbp_topic_count_hidden":0,"_bbp_reply_count_hidden":0,"_bbp_forum_subforum_count":0,"footnotes":""},"class_list":["post-2392","page","type-page","status-publish","hentry"],"acf":[],"_links":{"self":[{"href":"https:\/\/www.lgcge.fr\/en\/wp-json\/wp\/v2\/pages\/2392","targetHints":{"allow":["GET"]}}],"collection":[{"href":"https:\/\/www.lgcge.fr\/en\/wp-json\/wp\/v2\/pages"}],"about":[{"href":"https:\/\/www.lgcge.fr\/en\/wp-json\/wp\/v2\/types\/page"}],"author":[{"embeddable":true,"href":"https:\/\/www.lgcge.fr\/en\/wp-json\/wp\/v2\/users\/15305"}],"replies":[{"embeddable":true,"href":"https:\/\/www.lgcge.fr\/en\/wp-json\/wp\/v2\/comments?post=2392"}],"version-history":[{"count":10,"href":"https:\/\/www.lgcge.fr\/en\/wp-json\/wp\/v2\/pages\/2392\/revisions"}],"predecessor-version":[{"id":3868,"href":"https:\/\/www.lgcge.fr\/en\/wp-json\/wp\/v2\/pages\/2392\/revisions\/3868"}],"up":[{"embeddable":true,"href":"https:\/\/www.lgcge.fr\/en\/wp-json\/wp\/v2\/pages\/265"}],"wp:attachment":[{"href":"https:\/\/www.lgcge.fr\/en\/wp-json\/wp\/v2\/media?parent=2392"}],"curies":[{"name":"wp","href":"https:\/\/api.w.org\/{rel}","templated":true}]}}